{"id":695208,"date":"2026-03-16T16:03:54","date_gmt":"2026-03-16T15:03:54","guid":{"rendered":"https:\/\/shop.kustom.ch\/?post_type=product&#038;p=695208"},"modified":"2026-03-31T08:43:57","modified_gmt":"2026-03-31T07:43:57","slug":"blaklaeder-toolrig-werkzeugtasche-2","status":"publish","type":"product","link":"https:\/\/shop.kustom.ch\/en\/product\/blaklaeder-toolrig-werkzeugtasche-2\/","title":{"rendered":"Bl\u00e5kl\u00e4der ToolRig\u2122 tool bag"},"content":{"rendered":"<p>Eine robuste Werkzeugtasche zur organisierten Aufbewahrung. Kann am Griff oder \u00fcber der Schulter getragen werden. Durch die offene, stabile Konstruktion hast du einen sofortigen \u00dcberblick und kannst schnell auf alles zugreifen, was du ben\u00f6tigst. F\u00fcr jedes Werkzeug gibt es strategisch platzierte F\u00e4cher und Gurte zur Befestigung. An beiden Seiten befinden sich Bl\u00e5kl\u00e4der ToolRig\u2122 Eins\u00e4tze mit je vier ToolRig\u2122 Befestigungen. Damit kannst du ganz einfach die Werkzeugtaschen befestigen, die du gerade brauchst und bist immer perfekt ausger\u00fcstet. Die Konstruktion ist stabil und robust \u2014 so kann die Tasche stabil stehen und wird dir f\u00fcr lange Zeit treue Dienste leisten.<\/p>","protected":false},"excerpt":{"rendered":"<p>Eine robuste Werkzeugtasche zur organisierten Aufbewahrung. Kann am Griff oder \u00fcber der Schulter getragen werden. Durch die offene, stabile Konstruktion hast du einen sofortigen \u00dcberblick und kannst schnell auf alles zugreifen, was du ben\u00f6tigst. F\u00fcr jedes Werkzeug gibt es strategisch platzierte F\u00e4cher und Gurte zur Befestigung. An beiden Seiten befinden sich Bl\u00e5kl\u00e4der ToolRig\u2122 Eins\u00e4tze mit [&hellip;]<\/p>\n","protected":false},"featured_media":695212,"template":"","meta":[],"product_brand":[],"product_cat":[4209],"product_tag":[],"class_list":{"0":"post-695208","1":"product","2":"type-product","3":"status-publish","4":"has-post-thumbnail","6":"product_cat-zubehoer","7":"pa_brand-blaklaeder","8":"pa_brand-type-workwear","9":"pa_filter-color-schwarz","11":"first","12":"instock","13":"sale","14":"taxable","15":"shipping-taxable","16":"purchasable","17":"product-type-variable","18":"add-to-wishlist-before_image"},"exclude_global_add_ons":[],"addons":[],"acf":[],"_links":{"self":[{"href":"https:\/\/shop.kustom.ch\/en\/wp-json\/wp\/v2\/product\/695208"}],"collection":[{"href":"https:\/\/shop.kustom.ch\/en\/wp-json\/wp\/v2\/product"}],"about":[{"href":"https:\/\/shop.kustom.ch\/en\/wp-json\/wp\/v2\/types\/product"}],"wp:featuredmedia":[{"embeddable":true,"href":"https:\/\/shop.kustom.ch\/en\/wp-json\/wp\/v2\/media\/695212"}],"wp:attachment":[{"href":"https:\/\/shop.kustom.ch\/en\/wp-json\/wp\/v2\/media?parent=695208"}],"wp:term":[{"taxonomy":"product_brand","embeddable":true,"href":"https:\/\/shop.kustom.ch\/en\/wp-json\/wp\/v2\/product_brand?post=695208"},{"taxonomy":"product_cat","embeddable":true,"href":"https:\/\/shop.kustom.ch\/en\/wp-json\/wp\/v2\/product_cat?post=695208"},{"taxonomy":"product_tag","embeddable":true,"href":"https:\/\/shop.kustom.ch\/en\/wp-json\/wp\/v2\/product_tag?post=695208"}],"curies":[{"name":"wp","href":"https:\/\/api.w.org\/{rel}","templated":true}]}}