{"id":695040,"date":"2026-03-16T16:00:23","date_gmt":"2026-03-16T15:00:23","guid":{"rendered":"https:\/\/shop.kustom.ch\/?post_type=product&#038;p=695040"},"modified":"2026-03-31T08:40:27","modified_gmt":"2026-03-31T07:40:27","slug":"blaklaeder-toolrig-werkzeugtasche","status":"publish","type":"product","link":"https:\/\/shop.kustom.ch\/en\/product\/blaklaeder-toolrig-werkzeugtasche\/","title":{"rendered":"Bl\u00e5kl\u00e4der ToolRig\u2122 tool bag"},"content":{"rendered":"<p>Slim and practical, but roomy enough to store the most important tools and materials. The bag is easy to attach using the Bl\u00e5kl\u00e4der ToolRig\u2122 system and is suitable for both trousers and accessories, allowing effortless adjustments during the working day. Inside there is a larger main compartment with zip fastener and an open compartment for materials such as screws, plugs or nails. The three outer compartments are suitable for screwdrivers and small tools to keep them quickly to hand. A knife or other accessories can be easily attached using the straps on the outside.<\/p>\n<p>100% Polyamide, CORDURA\u00ae<\/p>","protected":false},"excerpt":{"rendered":"<p>Schlank und praktisch, aber ger\u00e4umig genug, um die wichtigsten Werkzeuge und Materialien unterzubringen. Die Tasche l\u00e4sst sich \u00fcber das Bl\u00e5kl\u00e4der ToolRig\u2122 System einfach befestigen und ist sowohl f\u00fcr Hosen als auch f\u00fcr Zubeh\u00f6r geeignet, was m\u00fchelose Anpassungen im Laufe des Arbeitstages erm\u00f6glicht. Im Inneren befindet sich ein gr\u00f6sseres Hauptfach mit Reissverschluss sowie ein offenes Fach [&hellip;]<\/p>\n","protected":false},"featured_media":695042,"template":"","meta":[],"product_brand":[],"product_cat":[4209],"product_tag":[],"class_list":{"0":"post-695040","1":"product","2":"type-product","3":"status-publish","4":"has-post-thumbnail","6":"product_cat-zubehoer","7":"pa_brand-blaklaeder","8":"pa_brand-type-workwear","9":"pa_filter-color-schwarz","11":"first","12":"instock","13":"sale","14":"taxable","15":"shipping-taxable","16":"purchasable","17":"product-type-variable","18":"add-to-wishlist-before_image"},"exclude_global_add_ons":[],"addons":[],"acf":[],"_links":{"self":[{"href":"https:\/\/shop.kustom.ch\/en\/wp-json\/wp\/v2\/product\/695040"}],"collection":[{"href":"https:\/\/shop.kustom.ch\/en\/wp-json\/wp\/v2\/product"}],"about":[{"href":"https:\/\/shop.kustom.ch\/en\/wp-json\/wp\/v2\/types\/product"}],"wp:featuredmedia":[{"embeddable":true,"href":"https:\/\/shop.kustom.ch\/en\/wp-json\/wp\/v2\/media\/695042"}],"wp:attachment":[{"href":"https:\/\/shop.kustom.ch\/en\/wp-json\/wp\/v2\/media?parent=695040"}],"wp:term":[{"taxonomy":"product_brand","embeddable":true,"href":"https:\/\/shop.kustom.ch\/en\/wp-json\/wp\/v2\/product_brand?post=695040"},{"taxonomy":"product_cat","embeddable":true,"href":"https:\/\/shop.kustom.ch\/en\/wp-json\/wp\/v2\/product_cat?post=695040"},{"taxonomy":"product_tag","embeddable":true,"href":"https:\/\/shop.kustom.ch\/en\/wp-json\/wp\/v2\/product_tag?post=695040"}],"curies":[{"name":"wp","href":"https:\/\/api.w.org\/{rel}","templated":true}]}}